{"id":3314,"date":"2023-08-06T23:02:22","date_gmt":"2023-08-06T22:02:22","guid":{"rendered":"http:\/\/eurovizyon.de\/?page_id=3314"},"modified":"2023-08-06T23:02:22","modified_gmt":"2023-08-06T22:02:22","slug":"meltem-canimin-cani","status":"publish","type":"page","link":"http:\/\/eurovizyon.de\/?page_id=3314","title":{"rendered":"MELTEM CANIMIN CANI"},"content":{"rendered":"<p><strong>Can\u0131m\u0131n Can\u0131 bilgisayar\u0131 yeni a\u00e7t\u0131m ve do\u011fum g\u00fcn\u00fcn\u00fcn oldu\u011funu g\u00f6rd\u00fcm. Bu g\u00fcn diledi\u011fin t\u00fcm dileklerinin ger\u00e7ek, gelece\u011fini olu\u015fturacak her yeni g\u00fcn\u2019 \u00fcn, bir \u00f6nceki g\u00fcnden daha g\u00fczel ve isteklerine uygun ve seni ve t\u00fcm ailen ile birlikte \u00a0mutlu edecek \u015fekilde olmas\u0131n\u0131 dilerim.<\/strong> <strong>Hayat\u0131n en g\u00fczeI an\u0131 her\u015feyden<\/strong><\/p>\n<div style=\"width: 584px;\" class=\"wp-video\"><!--[if lt IE 9]><script>document.createElement('video');<\/script><![endif]-->\n<video class=\"wp-video-shortcode\" id=\"video-3314-1\" width=\"584\" height=\"329\" preload=\"metadata\" controls=\"controls\"><source type=\"video\/mp4\" src=\"http:\/\/eurovizyon.de\/wp-content\/uploads\/2023\/08\/Meiltem-2023-Film.mp4?_=1\" \/><a href=\"http:\/\/eurovizyon.de\/wp-content\/uploads\/2023\/08\/Meiltem-2023-Film.mp4\">http:\/\/eurovizyon.de\/wp-content\/uploads\/2023\/08\/Meiltem-2023-Film.mp4<\/a><\/video><\/div>\n<p><strong>vazge\u00e7ti\u011fimiz zaman, Bizi hayata ba\u011fI\u0131yan birileri oIdu\u011funu d\u00fc\u015f\u00fcnd\u00fc\u011f\u00fcn\u00fcz and\u0131r. O ki binIerce insan aras\u0131ndan g\u00f6n\u00fcI g\u00f6z\u00fcyIe g\u00f6r\u00fcp ayr\u0131 bir kimIik verdi\u011fimizdir. Her s\u00f6z\u00fc b\u00fcy\u00fc oIan, dokundu\u011fu her\u015feyi kutsaIIa\u015ft\u0131ran muhte\u015fem insand\u0131r. Bir h\u00fcz\u00fcn sakI\u0131d\u0131r ve bin umut vard\u0131r her yeni g\u00fcn do\u011fumunda! H\u00fcz\u00fcns\u00fcz uyuyup bin umutIa uyanman diIe\u011fimIe, bu yeniden do\u011fu\u015f olsada.Do\u011fum G\u00fcn\u00fcn kutlu olsun \u00a0Can\u0131m Ye\u011fenim.<\/strong><\/p>\n<p><strong>Day\u0131n ve Yengen<\/strong><\/p>\n","protected":false},"excerpt":{"rendered":"<p>Can\u0131m\u0131n Can\u0131 bilgisayar\u0131 yeni a\u00e7t\u0131m ve do\u011fum g\u00fcn\u00fcn\u00fcn oldu\u011funu g\u00f6rd\u00fcm. Bu g\u00fcn diledi\u011fin t\u00fcm dileklerinin ger\u00e7ek, gelece\u011fini olu\u015fturacak her yeni g\u00fcn\u2019 \u00fcn, bir \u00f6nceki g\u00fcnden daha g\u00fczel ve isteklerine uygun ve seni ve t\u00fcm ailen ile birlikte \u00a0mutlu edecek \u015fekilde &hellip; <a href=\"http:\/\/eurovizyon.de\/?page_id=3314\">Okumaya devam et <span class=\"meta-nav\">&rarr;<\/span><\/a><\/p>\n","protected":false},"author":1,"featured_media":0,"parent":0,"menu_order":0,"comment_status":"closed","ping_status":"closed","template":"","meta":[],"_links":{"self":[{"href":"http:\/\/eurovizyon.de\/index.php?rest_route=\/wp\/v2\/pages\/3314"}],"collection":[{"href":"http:\/\/eurovizyon.de\/index.php?rest_route=\/wp\/v2\/pages"}],"about":[{"href":"http:\/\/eurovizyon.de\/index.php?rest_route=\/wp\/v2\/types\/page"}],"author":[{"embeddable":true,"href":"http:\/\/eurovizyon.de\/index.php?rest_route=\/wp\/v2\/users\/1"}],"replies":[{"embeddable":true,"href":"http:\/\/eurovizyon.de\/index.php?rest_route=%2Fwp%2Fv2%2Fcomments&post=3314"}],"version-history":[{"count":2,"href":"http:\/\/eurovizyon.de\/index.php?rest_route=\/wp\/v2\/pages\/3314\/revisions"}],"predecessor-version":[{"id":3318,"href":"http:\/\/eurovizyon.de\/index.php?rest_route=\/wp\/v2\/pages\/3314\/revisions\/3318"}],"wp:attachment":[{"href":"http:\/\/eurovizyon.de\/index.php?rest_route=%2Fwp%2Fv2%2Fmedia&parent=3314"}],"curies":[{"name":"wp","href":"https:\/\/api.w.org\/{rel}","templated":true}]}}